{"id":1890,"date":"2022-01-16T23:40:27","date_gmt":"2022-01-16T22:40:27","guid":{"rendered":"http:\/\/demohollertore.webkop.at\/spolka\/"},"modified":"2024-10-07T09:51:23","modified_gmt":"2024-10-07T07:51:23","slug":"spolka","status":"publish","type":"page","link":"https:\/\/holler-tore.at\/pl\/spolka\/","title":{"rendered":"Grupa HOLLER"},"content":{"rendered":"<section>\n<div class=\"d-flex container-fluid\" lc-helper=\"background\" style=\"height:50vh;background:url(https:\/\/holler-tore.at\/wp-content\/uploads\/2022\/03\/banner.png)  center \/ cover no-repeat;\">\n\t<\/div>\n<\/section>\n<section class=\"text-white bg-dark\">\n<div class=\"container pt-5\">\n<div class=\"row\">\n<div class=\"col-md-12 text-center\">\n<div class=\"lc-block\">\n<h1 editable=\"inline\" class=\"mb-0 font-weight-bold\"><span class=\"text-primary\">Holler Tore<\/span>. Firma o zr\u00f3wnowa\u017conym charakterze<\/h1>\n<p editable=\"inline\" class=\"mt-3\">Nasze 7 zasad zr\u00f3wnowa\u017conego rozwoju i odpowiedzialno\u015bci spo\u0142ecznej. Od pocz\u0105tku odpowiedzialne i ostro\u017cne post\u0119powanie z energi\u0105, surowcami i metodami produkcji odgrywa\u0142y g\u0142\u00f3wn\u0105 rol\u0119 w naszym przedsi\u0119biorstwie.<\/p>\n<\/p><\/div>\n<p><!-- \/lc-block --><\/p>\n<div class=\"lc-block\">\n<div editable=\"rich\">\n<p>Dzisiejsze decyzje kszta\u0142tuj\u0105 \u015bwiat jutra. <\/p>\n<p>Wykorzystanie wysokiej jako\u015bci, trwa\u0142ych materia\u0142\u00f3w i ich przetwarzanie przy u\u017cyciu najnowocze\u015bniejszych technologii przyjaznych dla \u015brodowiska gwarantuje najwy\u017csz\u0105 jako\u015b\u0107 i d\u0142ug\u0105 \u017cywotno\u015b\u0107 linii produkt\u00f3w HOLLER PRO, HOLLER HOME i HOLLER DIY. W ten spos\u00f3b bierzemy odpowiedzialno\u015b\u0107 za obecne i przysz\u0142e pokolenia. <\/p>\n<\/p>\n<p>Sp\u00f3jno\u015b\u0107 rodziny i kariery jest dla nas kolejnym powa\u017cnym wyzwaniem. Przede wszystkim chcemy wspiera\u0107 kobiety, aby mog\u0142y kontynuowa\u0107 karier\u0119 po przerwach z powodu opieki nad dzie\u0107mi. Nasze nowe przedszkole wniesie w to znacz\u0105cy wk\u0142ad, a tak\u017ce przyczyni si\u0119 do promowania r\u00f3wnowagi mi\u0119dzy prac\u0105 a \u017cyciem prywatnym naszych pracownik\u00f3w.<\/p>\n<\/p><\/div>\n<\/p><\/div>\n<p><!-- \/lc-block -->\n\t\t\t<\/div>\n<\/p><\/div>\n<\/p><\/div>\n<\/section>\n<section class=\"bg-light\">\n<div class=\"container pt-5\">\n<div class=\"row\">\n<div class=\"col-md-12 text-center\">\n<div class=\"lc-block\">\n<h1 editable=\"inline\" class=\"mb-0 font-weight-bold\">Budowa nowej fabryki Nr. 2 \/ rozbudowa fabryki 2021<br \/>\n\t\t\t\t\t<\/h1>\n<p editable=\"inline\" class=\"mt-3\">Najnowocze\u015bniejsza fabryka bram przesuwnych w Europie<\/p>\n<\/p><\/div>\n<p><!-- \/lc-block --><\/p>\n<div class=\"lc-block\">\n<div editable=\"rich\">\n<p>Projekt budowlany obejmuje hal\u0119 produkcyjno o powierzchni 10 000 m2. Bramy przesuwne produkowane s\u0105 przy u\u017cyciu najnowocze\u015bniejszej technologii z maszynami wspomaganymi robotami w ramach koncepcji przemys\u0142u 4.0. Dzi\u0119ki przysz\u0142o\u015bciowym technologiom nowy zak\u0142ad produkcyjny b\u0119dzie wytwarza\u0142 zaawansowane i dostosowane do potrzeb klienta aluminiowe systemy bram przesuwnych na rynek \u015bwiatowy.Mo\u017cliwo\u015b\u0107 istniej\u0105cego zak\u0142adu zostanie prawie podwojona przez nowy zak\u0142ad. Projekt jest wsp\u00f3\u0142finansowany przez Europejski Fundusz Rozwoju Regionalnego. Wi\u0119cej informacji na temat<\/p>\n<p>IWB\/EFRR mo\u017cna znale\u017a\u0107 na stronie: www.efre.gv.at<\/p>\n<p><\/p>\n<\/p><\/div>\n<\/p><\/div>\n<p><!-- \/lc-block -->\n\t\t\t<\/div>\n<\/p><\/div>\n<\/p><\/div>\n<\/section>\n<section>\n<div class=\"container pt-5\">\n<div class=\"row pt-4\">\n<div class=\"col-lg-4 col-md-12 text-center\">\n<div class=\"lc-block\"><svg xmlns=\"http:\/\/www.w3.org\/2000\/svg\" width=\"3em\" height=\"3em\" fill=\"currentColor\" viewBox=\"0 0 16 16\" style=\"\" lc-helper=\"svg-icon\" class=\"text-warning\">\n\t\t\t\t\t\t<path d=\"M3.5 8a4.5 4.5 0 1 1 9 0 4.5 4.5 0 0 1-9 0z\"><\/path>\n\t\t\t\t\t\t<path d=\"M8.202.28a.25.25 0 0 0-.404 0l-.91 1.255a.25.25 0 0 1-.334.067L5.232.79a.25.25 0 0 0-.374.154l-.36 1.51a.25.25 0 0 1-.282.188l-1.532-.244a.25.25 0 0 0-.286.286l.244 1.532a.25.25 0 0 1-.189.282l-1.509.36a.25.25 0 0 0-.154.374l.812 1.322a.25.25 0 0 1-.067.333l-1.256.91a.25.25 0 0 0 0 .405l1.256.91a.25.25 0 0 1 .067.334L.79 10.768a.25.25 0 0 0 .154.374l1.51.36a.25.25 0 0 1 .188.282l-.244 1.532a.25.25 0 0 0 .286.286l1.532-.244a.25.25 0 0 1 .282.189l.36 1.508a.25.25 0 0 0 .374.155l1.322-.812a.25.25 0 0 1 .333.067l.91 1.256a.25.25 0 0 0 .405 0l.91-1.256a.25.25 0 0 1 .334-.067l1.322.812a.25.25 0 0 0 .374-.155l.36-1.508a.25.25 0 0 1 .282-.19l1.532.245a.25.25 0 0 0 .286-.286l-.244-1.532a.25.25 0 0 1 .189-.282l1.508-.36a.25.25 0 0 0 .155-.374l-.812-1.322a.25.25 0 0 1 .067-.333l1.256-.91a.25.25 0 0 0 0-.405l-1.256-.91a.25.25 0 0 1-.067-.334l.812-1.322a.25.25 0 0 0-.155-.374l-1.508-.36a.25.25 0 0 1-.19-.282l.245-1.532a.25.25 0 0 0-.286-.286l-1.532.244a.25.25 0 0 1-.282-.189l-.36-1.509a.25.25 0 0 0-.374-.154l-1.322.812a.25.25 0 0 1-.333-.067L8.203.28zM8 2.5a5.5 5.5 0 1 1 0 11 5.5 5.5 0 0 1 0-11z\"><\/path>\n\t\t\t\t\t<\/svg><\/div>\n<p><!-- \/lc-block --><\/p>\n<div class=\"lc-block\">\n<h4 class=\"my-3 text-danger\" editable=\"inline\"><b class=\"text-dark\">Fotowoltaika<\/b><\/h4>\n<p editable=\"inline\" class=\"\">Silny system fotowoltaiczny na dachu sal produkcyjnych u\u017cywa mocy s\u0142o\u0144ca do wytwarzania i przechowywania energii elektrycznej dla naszej produkcji w spos\u00f3b ekologiczny. <\/p>\n<\/p><\/div>\n<p><!-- \/lc-block -->\n\t\t\t<\/div>\n<div class=\"col-lg-4 col-md-12 text-center\">\n<div class=\"lc-block\"><svg xmlns=\"http:\/\/www.w3.org\/2000\/svg\" width=\"3em\" height=\"3em\" fill=\"currentColor\" viewBox=\"0 0 16 16\" style=\"\" lc-helper=\"svg-icon\" class=\"text-success\">\n\t\t\t\t\t\t<path d=\"M8 16a4 4 0 0 0 4-4 4 4 0 0 0 0-8 4 4 0 0 0-8 0 4 4 0 1 0 0 8 4 4 0 0 0 4 4zm3-12c0 .073-.01.155-.03.247-.544.241-1.091.638-1.598 1.084A2.987 2.987 0 0 0 8 5c-.494 0-.96.12-1.372.331-.507-.446-1.054-.843-1.597-1.084A1.117 1.117 0 0 1 5 4a3 3 0 0 1 6 0zm-.812 6.052A2.99 2.99 0 0 0 11 8a2.99 2.99 0 0 0-.812-2.052c.215-.18.432-.346.647-.487C11.34 5.131 11.732 5 12 5a3 3 0 1 1 0 6c-.268 0-.66-.13-1.165-.461a6.833 6.833 0 0 1-.647-.487zm-3.56.617a3.001 3.001 0 0 0 2.744 0c.507.446 1.054.842 1.598 1.084.02.091.03.174.03.247a3 3 0 1 1-6 0c0-.073.01-.155.03-.247.544-.242 1.091-.638 1.598-1.084zm-.816-4.721A2.99 2.99 0 0 0 5 8c0 .794.308 1.516.812 2.052a6.83 6.83 0 0 1-.647.487C4.66 10.869 4.268 11 4 11a3 3 0 0 1 0-6c.268 0 .66.13 1.165.461.215.141.432.306.647.487zM8 9a1 1 0 1 1 0-2 1 1 0 0 1 0 2z\"><\/path>\n\t\t\t\t\t<\/svg><\/div>\n<p><!-- \/lc-block --><\/p>\n<div class=\"lc-block\">\n<h4 class=\"my-3 text-success\" editable=\"inline\"><b class=\"text-dark\">Zielona fasada<\/b><\/h4>\n<p editable=\"inline\" class=\"\">Zielone fasady chroni\u0105 nasze hale produkcyjne przed ogrzewaniem w lecie i zmniejsza koszty ogrzewania w zimie poprzez efekt izolacyjny <\/p>\n<\/p><\/div>\n<p><!-- \/lc-block -->\n\t\t\t<\/div>\n<div class=\"col-lg-4 col-md-12 text-center\">\n<div class=\"lc-block\"><svg xmlns=\"http:\/\/www.w3.org\/2000\/svg\" width=\"3em\" height=\"3em\" fill=\"currentColor\" viewBox=\"0 0 16 16\" style=\"\" lc-helper=\"svg-icon\" class=\"text-dark\">\n\t\t\t\t\t\t<path d=\"M4.355.522a.5.5 0 0 1 .623.333l.291.956A4.979 4.979 0 0 1 8 1c1.007 0 1.946.298 2.731.811l.29-.956a.5.5 0 1 1 .957.29l-.41 1.352A4.985 4.985 0 0 1 13 6h.5a.5.5 0 0 0 .5-.5V5a.5.5 0 0 1 1 0v.5A1.5 1.5 0 0 1 13.5 7H13v1h1.5a.5.5 0 0 1 0 1H13v1h.5a1.5 1.5 0 0 1 1.5 1.5v.5a.5.5 0 1 1-1 0v-.5a.5.5 0 0 0-.5-.5H13a5 5 0 0 1-10 0h-.5a.5.5 0 0 0-.5.5v.5a.5.5 0 1 1-1 0v-.5A1.5 1.5 0 0 1 2.5 10H3V9H1.5a.5.5 0 0 1 0-1H3V7h-.5A1.5 1.5 0 0 1 1 5.5V5a.5.5 0 0 1 1 0v.5a.5.5 0 0 0 .5.5H3c0-1.364.547-2.601 1.432-3.503l-.41-1.352a.5.5 0 0 1 .333-.623zM4 7v4a4 4 0 0 0 3.5 3.97V7H4zm4.5 0v7.97A4 4 0 0 0 12 11V7H8.5zM12 6a3.989 3.989 0 0 0-1.334-2.982A3.983 3.983 0 0 0 8 2a3.983 3.983 0 0 0-2.667 1.018A3.989 3.989 0 0 0 4 6h8z\"><\/path>\n\t\t\t\t\t<\/svg><\/div>\n<h4 class=\"my-3 text-warning\" editable=\"inline\"><b class=\"text-dark\">Pracowite pszczo\u0142y<\/b><\/h4>\n<p editable=\"inline\" class=\"\">Ziele\u0144 na fasadzie jako \u201enaturalna klimatyzacja\u201d oferuje cenne siedlisko i wa\u017cne \u017ar\u00f3d\u0142o \u017cywno\u015bci dla zwierz\u0105t, szczeg\u00f3lnie dla naszych starannych pszcz\u00f3\u0142. Chcemy wnie\u015b\u0107 zr\u00f3wnowa\u017cony wk\u0142ad w ochron\u0119 r\u00f3\u017cnorodno\u015bci biologicznej i wspiera\u0107 lokalne rolnictwo w tworzeniu kolejnych zielonych obszar\u00f3w przyjaznych dla \u015brodowiska. <\/p>\n<p><!-- \/lc-block -->\n\t\t\t<\/div>\n<\/p><\/div>\n<div class=\"row pt-4\">\n<div class=\"col-md-12 col-lg-4 text-center\">\n<div class=\"lc-block\"><svg xmlns=\"http:\/\/www.w3.org\/2000\/svg\" width=\"3em\" height=\"3em\" fill=\"currentColor\" viewBox=\"0 0 16 16\" style=\"\" lc-helper=\"svg-icon\" class=\"text-primary\">\n\t\t\t\t\t\t<path d=\"M11.251.068a.5.5 0 0 1 .227.58L9.677 6.5H13a.5.5 0 0 1 .364.843l-8 8.5a.5.5 0 0 1-.842-.49L6.323 9.5H3a.5.5 0 0 1-.364-.843l8-8.5a.5.5 0 0 1 .615-.09zM4.157 8.5H7a.5.5 0 0 1 .478.647L6.11 13.59l5.732-6.09H9a.5.5 0 0 1-.478-.647L9.89 2.41 4.157 8.5z\"><\/path>\n\t\t\t\t\t<\/svg><\/div>\n<h4 class=\"my-3\" editable=\"inline\"><b class=\"text-dark\">Elektromobilno\u015b\u0107<\/b><\/h4>\n<p editable=\"inline\" class=\"\">Elektryczne samochody i w\u00f3zki wid\u0142owe w naszej flocie nie tylko je\u017cd\u017c\u0105 bez ha\u0142asu, ale tak\u017ce bez emisji i z wysok\u0105 wydajno\u015bci\u0105. Silniki elektryczne jako innowacyjna technologia nap\u0119du stanowi\u0105 alternatyw\u0119 przyjazn\u0105 dla \u015brodowiska w por\u00f3wnaniu do konwencjonalnych silnik\u00f3w spalinowych.<\/p>\n<p><!-- \/lc-block -->\n\t\t\t<\/div>\n<div class=\"col-md-12 col-lg-4 text-center\">\n<div class=\"lc-block\"><svg xmlns=\"http:\/\/www.w3.org\/2000\/svg\" width=\"3em\" height=\"3em\" fill=\"currentColor\" viewBox=\"0 0 16 16\" style=\"\" lc-helper=\"svg-icon\" class=\"text-info\">\n\t\t\t\t\t\t<path fill-rule=\"evenodd\" d=\"M7.21.8C7.69.295 8 0 8 0c.109.363.234.708.371 1.038.812 1.946 2.073 3.35 3.197 4.6C12.878 7.096 14 8.345 14 10a6 6 0 0 1-12 0C2 6.668 5.58 2.517 7.21.8zm.413 1.021A31.25 31.25 0 0 0 5.794 3.99c-.726.95-1.436 2.008-1.96 3.07C3.304 8.133 3 9.138 3 10a5 5 0 0 0 10 0c0-1.201-.796-2.157-2.181-3.7l-.03-.032C9.75 5.11 8.5 3.72 7.623 1.82z\"><\/path>\n\t\t\t\t\t\t<path fill-rule=\"evenodd\" d=\"M4.553 7.776c.82-1.641 1.717-2.753 2.093-3.13l.708.708c-.29.29-1.128 1.311-1.907 2.87l-.894-.448z\"><\/path>\n\t\t\t\t\t<\/svg><\/div>\n<h4 class=\"my-3\" editable=\"inline\"><b class=\"text-dark\">Bez\u015bciekowe malowanie proszkowe<\/b><\/h4>\n<p editable=\"inline\" class=\"\">Nasze malarnie proszkowe s\u0105 najwi\u0119kszymi tego typu liniami w Austrii oraz jednymi z najbardziej przyjaznych dla \u015brodowiska na \u015bwiecie poniewa\u017c pracuja w obiegu zamkni\u0119tym przez co \u015brodowisko nie jest zanieczyszczane. <\/p>\n<\/p><\/div>\n<div class=\"col-md-12 col-lg-4 text-center\">\n<div class=\"lc-block\"><svg xmlns=\"http:\/\/www.w3.org\/2000\/svg\" width=\"3em\" height=\"3em\" fill=\"currentColor\" viewBox=\"0 0 16 16\" style=\"\" lc-helper=\"svg-icon\" class=\"text-secondary\">\n\t\t\t\t\t\t<path d=\"M5 0a.5.5 0 0 1 .5.5V2h1V.5a.5.5 0 0 1 1 0V2h1V.5a.5.5 0 0 1 1 0V2h1V.5a.5.5 0 0 1 1 0V2A2.5 2.5 0 0 1 14 4.5h1.5a.5.5 0 0 1 0 1H14v1h1.5a.5.5 0 0 1 0 1H14v1h1.5a.5.5 0 0 1 0 1H14v1h1.5a.5.5 0 0 1 0 1H14a2.5 2.5 0 0 1-2.5 2.5v1.5a.5.5 0 0 1-1 0V14h-1v1.5a.5.5 0 0 1-1 0V14h-1v1.5a.5.5 0 0 1-1 0V14h-1v1.5a.5.5 0 0 1-1 0V14A2.5 2.5 0 0 1 2 11.5H.5a.5.5 0 0 1 0-1H2v-1H.5a.5.5 0 0 1 0-1H2v-1H.5a.5.5 0 0 1 0-1H2v-1H.5a.5.5 0 0 1 0-1H2A2.5 2.5 0 0 1 4.5 2V.5A.5.5 0 0 1 5 0zm-.5 3A1.5 1.5 0 0 0 3 4.5v7A1.5 1.5 0 0 0 4.5 13h7a1.5 1.5 0 0 0 1.5-1.5v-7A1.5 1.5 0 0 0 11.5 3h-7zM5 6.5A1.5 1.5 0 0 1 6.5 5h3A1.5 1.5 0 0 1 11 6.5v3A1.5 1.5 0 0 1 9.5 11h-3A1.5 1.5 0 0 1 5 9.5v-3zM6.5 6a.5.5 0 0 0-.5.5v3a.5.5 0 0 0 .5.5h3a.5.5 0 0 0 .5-.5v-3a.5.5 0 0 0-.5-.5h-3z\"><\/path>\n\t\t\t\t\t<\/svg><\/div>\n<h4 class=\"my-3\" editable=\"inline\"><b class=\"text-dark\">Wykorzystanie ciep\u0142a odpadowego i organicznego ciep\u0142ownictwa miejskiego<\/b><\/h4>\n<p editable=\"inline\" class=\"\">Hale produkcyjne s\u0105 ogrzewane zar\u00f3wno przez ciep\u0142o odpadowe wytwarzane w procesach termicznych w produkcji, jak i przez neutralne ogrzewanie centralne dostarczane przez poblisk\u0105 zak\u0142ad grzewczy. <\/p>\n<\/p><\/div>\n<\/p><\/div>\n<div class=\"row pt-4\">\n<div class=\"col-md-12 col-lg-4 offset-0 offset-lg-4 text-center\">\n<div class=\"lc-block\"><svg xmlns=\"http:\/\/www.w3.org\/2000\/svg\" width=\"3em\" height=\"3em\" fill=\"currentColor\" viewBox=\"0 0 16 16\" style=\"\" lc-helper=\"svg-icon\" class=\"text-danger\">\n\t\t\t\t\t\t<path d=\"M8 2.748l-.717-.737C5.6.281 2.514.878 1.4 3.053c-.523 1.023-.641 2.5.314 4.385.92 1.815 2.834 3.989 6.286 6.357 3.452-2.368 5.365-4.542 6.286-6.357.955-1.886.838-3.362.314-4.385C13.486.878 10.4.28 8.717 2.01L8 2.748zM8 15C-7.333 4.868 3.279-3.04 7.824 1.143c.06.055.119.112.176.171a3.12 3.12 0 0 1 .176-.17C12.72-3.042 23.333 4.867 8 15z\"><\/path>\n\t\t\t\t\t<\/svg><\/div>\n<h4 class=\"my-3\" editable=\"inline\"><b class=\"text-dark\">Opieka nad dzie\u0107mi w firmie <\/b><\/h4>\n<p editable=\"inline\" class=\"\">Nasze firmowe przedszkole pozwoli rodzicom przyprowadzi\u0107 dzieci w drodze do pracy bez konieczno\u015bci nadrabiania. Szczeg\u00f3lnie wa\u017cne dla nas jest u\u0142atwienie ponownego wej\u015bcia po przerwie zwi\u0105zanej z opieka nad ma\u0142ymi dzie\u0107mi. Wierzymy w zasad\u0119: je\u015bli rodzina b\u0119dzie mia\u0142a si\u0119 dobrze, to wszyscy b\u0119dziemy mieli si\u0119 dobrze.<\/p>\n<\/p><\/div>\n<\/p><\/div>\n<\/p><\/div>\n<\/section>\n<section>\n<style>.mypath {\n  width: 300px; \n   --mypath-radius: 31px; \n   --mypath-border: 2px dashed;\n}<\/p>\n<p>.mypath > div {<\/p>\n<p>  border-top: var(--mypath-border);\n  border-color: #777 !important;\n  margin:0; \n  padding: var(--mypath-radius);\n}<\/p>\n<p>.mypath > div:nth-child(even) {\n  border-left: var(--mypath-border);\n  border-top-left-radius: var(--mypath-radius);\n  border-bottom-left-radius: var(--mypath-radius);\n  margin-right: var(--mypath-radius); \n  padding-right: 0;\n}<\/p>\n<p>.mypath > div:nth-child(odd) {\n  border-right: var(--mypath-border);\n  border-top-right-radius: var(--mypath-radius);\n  border-bottom-right-radius: var(--mypath-radius);\n  margin-left: var(--mypath-radius); \n  padding-left: 0;\n}<\/p>\n<p>.mypath > div:first-child {\n  border-top: 0;\n  border-top-right-radius:0;\n  border-top-left-radius:0;\n}<\/p>\n<p>.mypath > div:last-child {\n  border-bottom-right-radius:0;\n  border-bottom-left-radius:0;\n}\n<\/style>\n<div class=\"container text-center mt-5 mb-3 text-primary\">\n<h2 class=\"h1\">Historia firmy Holler Tore<\/h2>\n<\/p><\/div>\n<div class=\"mypath mx-auto\">\n<div class=\"lc-block\">\n<div editable=\"rich\">\n<h2>1992 Powstanie firmy<\/h2>\n<p>1992 Ewald Holler zak\u0142da jednoosobow\u0105 dzia\u0142alno\u015bc gospodarcz\u0105<\/p>\n<\/p><\/div>\n<\/p><\/div>\n<div class=\"lc-block\">\n<div editable=\"rich\">\n<h2>1993 Druga linia produkcyjna<\/h2>\n<p>Rok po za\u0142o\u017ceniu firmy powstaje pierwsza hala produkcyjna o pow.250 m2<\/p>\n<\/p><\/div>\n<\/p><\/div>\n<div class=\"lc-block\">\n<div editable=\"rich\">\n<h2>1994 Druga linia produkcyjna<\/h2>\n<p>1994 roku powstaje druga hala produkcyjna o pow. 450 m2.<\/p>\n<\/p><\/div>\n<\/p><\/div>\n<div class=\"lc-block\">\n<div editable=\"rich\">\n<h2>1998 Trzecia linia produkcyjna<\/h2>\n<p>Cztery lata p\u00f3\u017aniej Ewald Holler postanowi\u0142 rozszerzy\u0107 przedsi\u0119biorstwo z kolejn\u0105 hal\u0119 o pow. 600 m2<\/p>\n<\/p><\/div>\n<\/p><\/div>\n<div class=\"lc-block\">\n<div editable=\"rich\">\n<h2>2000 Powstanie budynk\u00f3w biurowych<\/h2>\n<p>Na pocz\u0105tku roku 2000 rozpocz\u0119\u0142a si\u0119 budowa biura oraz dalsze zwi\u0119kszenie zak\u0142adu produkcyjnego o kolejne 280m2. Po tej rozbudowie \u0142\u0105czna powierzchnia zak\u0142adu wynosi\u0142a 1580 m2.<\/p>\n<\/p><\/div>\n<\/p><\/div>\n<div class=\"lc-block\">\n<div editable=\"rich\">\n<h2>2005 Zmiana z jednoosobowej dzia\u0142alno\u015bci na Sp. z o.o.<\/h2>\n<p>Przej\u015bcie przedsi\u0119biorstwa na sp\u00f3\u0142k\u0119 z ograniczon\u0105 odpowiedzialno\u015bci\u0105 (GmbH)<\/p>\n<\/p><\/div>\n<\/p><\/div>\n<div class=\"lc-block\">\n<div editable=\"rich\">\n<h2>2009 Rozbudowa zak\u0142adu<\/h2>\n<p>W 2009r. przeprowadzono kolejna rozbudow\u0119 produkcji oraz budow\u0119 magazynu wyrob\u00f3w gotowych z dokami za\u0142adunkowymi. Spowodowa\u0142o zwi\u0119kszenie zak\u0142adu do pow. 2900m2.<\/p>\n<\/p><\/div>\n<\/p><\/div>\n<div class=\"lc-block\">\n<div editable=\"rich\">\n<h2>2010 Rozbudowa hali spawalniczej<\/h2>\n<p>10 lat po budowie pierwszego hali spawalniczej firma zyska\u0142a nowa hal\u0119 &#8211; lini\u0119 do spawania o pow. 1100m2<\/p>\n<\/p><\/div>\n<\/p><\/div>\n<div class=\"lc-block\">\n<div editable=\"rich\">\n<h2 class=\"text-break\">2011 Uruchomienie najwi\u0119kszej w Austrii malarni proszkowej<\/h2>\n<p>W 2011 r.oddano do u\u017cytkowania najwi\u0119kszy malarnie proszkow\u0105 w Austrii oraz pomieszczenia spocjalne z biurami (pow. 2100 m2)<\/p>\n<\/p><\/div>\n<\/p><\/div>\n<div class=\"lc-block\">\n<div editable=\"rich\">\n<h2 class=\"text-break\">2013 Modernizacja budynku biurowego<br \/><\/h2>\n<p>Biuro zyska\u0142o dodatkow\u0105 przestrze\u0144 o pow. 120 m2.<\/p>\n<\/p><\/div>\n<\/p><\/div>\n<div class=\"lc-block\">\n<div editable=\"rich\">\n<h2 class=\"text-break\">2014 Rozbudowa<br \/><\/h2>\n<p>Rozbudowa obszar magazynu, budowa rampy za\u0142adunkowej dla konstrukcji ponadgabarytowych (pow. 1000 m2)<\/p>\n<\/p><\/div>\n<\/p><\/div>\n<div class=\"lc-block\">\n<div editable=\"rich\">\n<h2 class=\"text-break\">2015 Remnowacja hali produkcyjnej<br \/><\/h2>\n<p>Renowacja hali spawalniczej, zakup nowego linii do spawania, budowa ekspozycji (pow. 190 m2)<\/p>\n<\/p><\/div>\n<\/p><\/div>\n<div class=\"lc-block\">\n<div editable=\"rich\">\n<h2 class=\"text-break\">2017 Nowe centrum obr\u00f3bcze<br \/><\/h2>\n<p>Budowa dodatkowej linii monta\u017cu ko\u0144cowego (pow. 1500 m2), budowa nowego centrum obr\u00f3bczego<\/p>\n<\/p><\/div>\n<\/p><\/div>\n<div class=\"lc-block\">\n<div editable=\"rich\">\n<h2 class=\"text-break\">2019<br \/><\/h2>\n<p>Zakup nowego lasera o wysokiej wydajno\u015bci<\/p>\n<\/p><\/div>\n<\/p><\/div>\n<div class=\"lc-block\">\n<div editable=\"rich\">\n<h2 class=\"text-break\">2020<br \/><\/h2>\n<p>Planowanie kolejnej rozbudowy fabryki &#8211; pocz\u0105tki powastania zak\u0142adu nr 2<\/p>\n<\/p><\/div>\n<\/p><\/div>\n<div class=\"lc-block\">\n<div editable=\"rich\">\n<h2 class=\"text-break\">2021<br \/><\/h2>\n<p>Oddanie do u\u017cytkowania zak\u0142adu nr. 2 o pow. 11 000 m2 z automatyczn\u0105 lini\u0105 do produkcji bram przesuwnych z cal\u0105 infrastruktur\u0105 towarzysz\u0105c\u0105 <\/p>\n<\/p><\/div>\n<\/p><\/div>\n<div class=\"lc-block\">\n<div editable=\"rich\">\n<h2 class=\"text-break\">2022<br \/><\/h2>\n<p>Planowanie kolejnej rozbudowy fabryki &#8211; rozbudowa zak\u0142adu o nowy biurowiec oraz sto\u0142\u00f3wk\u0119 <\/p>\n<\/p><\/div>\n<\/p><\/div>\n<\/p><\/div>\n<\/section>\n<section class=\"pt-5 pb-5\">\n<div class=\"container py-5 text-center\">\n<div class=\"row\">\n<div class=\"col-md-8 offset-md-2 px-4\">\n<div class=\"lc-block\"><svg xmlns=\"http:\/\/www.w3.org\/2000\/svg\" viewBox=\"0 0 448 512\" width=\"5em\" height=\"5em\" lc-helper=\"svg-icon\" fill=\"currentColor\" class=\"text-danger\">\n\t\t\t\t\t\t<path d=\"M313.6 304c-28.7 0-42.5 16-89.6 16-47.1 0-60.8-16-89.6-16C60.2 304 0 364.2 0 438.4V464c0 26.5 21.5 48 48 48h352c26.5 0 48-21.5 48-48v-25.6c0-74.2-60.2-134.4-134.4-134.4zM400 464H48v-25.6c0-47.6 38.8-86.4 86.4-86.4 14.6 0 38.3 16 89.6 16 51.7 0 74.9-16 89.6-16 47.6 0 86.4 38.8 86.4 86.4V464zM224 288c79.5 0 144-64.5 144-144S303.5 0 224 0 80 64.5 80 144s64.5 144 144 144zm0-240c52.9 0 96 43.1 96 96s-43.1 96-96 96-96-43.1-96-96 43.1-96 96-96z\"><\/path>\n\t\t\t\t\t<\/svg><\/div>\n<div class=\"lc-block mb-4 mt-4\">\n<div editable=\"rich\">\n<h2>Skontaktuj si\u0119 z nami<br \/><\/h2>\n<\/p><\/div>\n<\/p><\/div>\n<div class=\"lc-block mb-4\">\n<div editable=\"rich\">\n<p>Z rado\u015bci\u0105 mo\u017cemy wam pom\u00f3c. Znajd\u017a w\u0142a\u015bciwy kontakt dla Austrii, Niemiec, Szwajcarii, Polski i Francji<\/p>\n<\/p><\/div>\n<\/p><\/div>\n<div class=\"lc-block\"><a class=\"btn btn-primary btn-xl js-scroll-trigger\" href=\"https:\/\/holler-tore.at\/pl\/kontakt\/\" role=\"button\">Skontaktuj si\u0119 z nami<\/a><\/div>\n<p><!-- \/lc-block -->\n\t\t\t<\/div>\n<\/p><\/div>\n<\/p><\/div>\n<\/section>\n","protected":false},"excerpt":{"rendered":"<p>Holler Tore. Firma o zr\u00f3wnowa\u017conym charakterze Nasze 7 zasad zr\u00f3wnowa\u017conego rozwoju i odpowiedzialno\u015bci spo\u0142ecznej. Od pocz\u0105tku odpowiedzialne i ostro\u017cne post\u0119powanie [&hellip;]<\/p>\n","protected":false},"author":1,"featured_media":0,"parent":0,"menu_order":0,"comment_status":"closed","ping_status":"closed","template":"templates\/canvas-template.php","meta":{"_seopress_robots_primary_cat":"","_seopress_titles_title":"","_seopress_titles_desc":"","_seopress_robots_index":"","footnotes":""},"class_list":["post-1890","page","type-page","status-publish","hentry"],"aioseo_notices":[],"_links":{"self":[{"href":"https:\/\/holler-tore.at\/pl\/wp-json\/wp\/v2\/pages\/1890","targetHints":{"allow":["GET"]}}],"collection":[{"href":"https:\/\/holler-tore.at\/pl\/wp-json\/wp\/v2\/pages"}],"about":[{"href":"https:\/\/holler-tore.at\/pl\/wp-json\/wp\/v2\/types\/page"}],"author":[{"embeddable":true,"href":"https:\/\/holler-tore.at\/pl\/wp-json\/wp\/v2\/users\/1"}],"replies":[{"embeddable":true,"href":"https:\/\/holler-tore.at\/pl\/wp-json\/wp\/v2\/comments?post=1890"}],"version-history":[{"count":13,"href":"https:\/\/holler-tore.at\/pl\/wp-json\/wp\/v2\/pages\/1890\/revisions"}],"predecessor-version":[{"id":11112,"href":"https:\/\/holler-tore.at\/pl\/wp-json\/wp\/v2\/pages\/1890\/revisions\/11112"}],"wp:attachment":[{"href":"https:\/\/holler-tore.at\/pl\/wp-json\/wp\/v2\/media?parent=1890"}],"curies":[{"name":"wp","href":"https:\/\/api.w.org\/{rel}","templated":true}]}}